{"id":2102,"date":"2023-05-02T13:47:29","date_gmt":"2023-05-02T11:47:29","guid":{"rendered":"https:\/\/multisite.mindd.dev\/hap-maastricht\/?post_type=faq&#038;p=2102"},"modified":"2025-07-10T09:56:05","modified_gmt":"2025-07-10T07:56:05","slug":"jeg-har-ikke-en-transport-kan-laegen-komme-til-mig","status":"publish","type":"faq","link":"https:\/\/hapmaastricht.nl\/da\/ofte-stillede-sp\u00f8rgsm\u00e5l\/jeg-har-ikke-en-transport-kan-laegen-komme-til-mig\/","title":{"rendered":"Jeg har ikke transport, kan l\u00e6gen komme til mig?"},"content":{"rendered":"\n<p>Nej. At have ingen transport er ikke en grund til at sende akutl\u00e6gen p\u00e5 vagt. Patienterne skal selv s\u00f8rge for deres transport. Kun n\u00e5r transport ikke er mulig af medicinske \u00e5rsager, kommer den vagthavende l\u00e6ge hjem til dig.<\/p>\n","protected":false},"excerpt":{"rendered":"<p>Nej. At have ingen transport er ingen grund til at sende akutl\u00e6gen p\u00e5 vagt. Patienterne skal selv s\u00f8rge for transport. F\u00f8rst n\u00e5r transport ikke er mulig af medicinske \u00e5rsager, kommer l\u00e6gen p\u00e5 vagt hjem.<\/p>\n","protected":false},"menu_order":91,"template":"","meta":{"_acf_changed":false,"_trash_the_other_posts":false,"editor_notices":[],"footnotes":""},"question_type":[5777],"class_list":["post-2102","faq","type-faq","status-publish","hentry","question_type-besoeg-af-vagthavende-laege"],"acf":[],"yoast_head":"<!-- This site is optimized with the Yoast SEO plugin v26.6 - https:\/\/yoast.com\/wordpress\/plugins\/seo\/ -->\n<title>Jeg har ikke transport, kan l\u00e6gen komme til mig? - Alment praktiserende l\u00e6ges akutpost Maastricht<\/title>\n<meta name=\"robots\" content=\"index, follow, max-snippet:-1, max-image-preview:large, max-video-preview:-1\" \/>\n<link rel=\"canonical\" href=\"https:\/\/hapmaastricht.nl\/da\/ofte-stillede-sp\u00f8rgsm\u00e5l\/jeg-har-ikke-transport-kan-laegen-komme-til-mig\/\" \/>\n<meta property=\"og:locale\" content=\"da_DK\" \/>\n<meta property=\"og:type\" content=\"article\" \/>\n<meta property=\"og:title\" content=\"Jeg har ikke transport, kan l\u00e6gen komme til mig? - Alment praktiserende l\u00e6ges akutpost Maastricht\" \/>\n<meta property=\"og:description\" content=\"Nej. At have ingen transport er ingen grund til at sende akutl\u00e6gen p\u00e5 vagt. Patienterne skal selv s\u00f8rge for transport. F\u00f8rst n\u00e5r transport ikke er mulig af medicinske \u00e5rsager, kommer l\u00e6gen p\u00e5 vagt hjem.\" \/>\n<meta property=\"og:url\" content=\"https:\/\/hapmaastricht.nl\/da\/ofte-stillede-sp\u00f8rgsm\u00e5l\/jeg-har-ikke-transport-kan-laegen-komme-til-mig\/\" \/>\n<meta property=\"og:site_name\" content=\"Alment praktiserende l\u00e6ges akutpost Maastricht\" \/>\n<meta property=\"article:modified_time\" content=\"2025-07-10T07:56:05+00:00\" \/>\n<meta name=\"twitter:card\" content=\"summary_large_image\" \/>\n<meta name=\"twitter:label1\" content=\"Estimeret l\u00e6setid\" \/>\n\t<meta name=\"twitter:data1\" content=\"1 minut\" \/>\n<script type=\"application\/ld+json\" class=\"yoast-schema-graph\">{\"@context\":\"https:\/\/schema.org\",\"@graph\":[{\"@type\":\"WebPage\",\"@id\":\"https:\/\/hapmaastricht.nl\/da\/ofte-stillede-sp\u00f8rgsm\u00e5l\/jeg-har-ikke-transport-kan-laegen-komme-til-mig\/\",\"url\":\"https:\/\/hapmaastricht.nl\/da\/ofte-stillede-sp\u00f8rgsm\u00e5l\/jeg-har-ikke-transport-kan-laegen-komme-til-mig\/\",\"name\":\"Jeg har ikke transport, kan l\u00e6gen komme til mig? - Alment praktiserende l\u00e6ges akutpost Maastricht\",\"isPartOf\":{\"@id\":\"https:\/\/hapmaastricht.nl\/da\/#website\"},\"datePublished\":\"2023-05-02T11:47:29+00:00\",\"dateModified\":\"2025-07-10T07:56:05+00:00\",\"breadcrumb\":{\"@id\":\"https:\/\/hapmaastricht.nl\/da\/ofte-stillede-sp\u00f8rgsm\u00e5l\/jeg-har-ikke-transport-kan-laegen-komme-til-mig\/#breadcrumb\"},\"inLanguage\":\"da-DK\",\"potentialAction\":[{\"@type\":\"ReadAction\",\"target\":[\"https:\/\/hapmaastricht.nl\/da\/ofte-stillede-sp\u00f8rgsm\u00e5l\/jeg-har-ikke-transport-kan-laegen-komme-til-mig\/\"]}]},{\"@type\":\"BreadcrumbList\",\"@id\":\"https:\/\/hapmaastricht.nl\/da\/ofte-stillede-sp\u00f8rgsm\u00e5l\/jeg-har-ikke-transport-kan-laegen-komme-til-mig\/#breadcrumb\",\"itemListElement\":[{\"@type\":\"ListItem\",\"position\":1,\"name\":\"Home\",\"item\":\"https:\/\/hapmaastricht.nl\/da\/\"},{\"@type\":\"ListItem\",\"position\":2,\"name\":\"FAQs\",\"item\":\"https:\/\/hapmaastricht.nl\/da\/ofte-stillede-sp\u00f8rgsm\u00e5l\/\"},{\"@type\":\"ListItem\",\"position\":3,\"name\":\"Jeg har ingen transport, kan l\u00e6gen komme til mig?\"}]},{\"@type\":\"WebSite\",\"@id\":\"https:\/\/hapmaastricht.nl\/da\/#website\",\"url\":\"https:\/\/hapmaastricht.nl\/da\/\",\"name\":\"Alment praktiserende l\u00e6ges akutpost Maastricht\",\"description\":\"\",\"potentialAction\":[{\"@type\":\"SearchAction\",\"target\":{\"@type\":\"EntryPoint\",\"urlTemplate\":\"https:\/\/hapmaastricht.nl\/da\/?s={search_term_string}\"},\"query-input\":{\"@type\":\"PropertyValueSpecification\",\"valueRequired\":true,\"valueName\":\"search_term_string\"}}],\"inLanguage\":\"da-DK\"}]}<\/script>\n<!-- \/ Yoast SEO plugin. -->","yoast_head_json":{"title":"Jeg har ikke transport, kan l\u00e6gen komme til mig? - Alment praktiserende l\u00e6ges akutpost Maastricht","robots":{"index":"index","follow":"follow","max-snippet":"max-snippet:-1","max-image-preview":"max-image-preview:large","max-video-preview":"max-video-preview:-1"},"canonical":"https:\/\/hapmaastricht.nl\/da\/ofte-stillede-sp\u00f8rgsm\u00e5l\/jeg-har-ikke-transport-kan-laegen-komme-til-mig\/","og_locale":"da_DK","og_type":"article","og_title":"Jeg har ikke transport, kan l\u00e6gen komme til mig? - Alment praktiserende l\u00e6ges akutpost Maastricht","og_description":"Nej. At have ingen transport er ingen grund til at sende akutl\u00e6gen p\u00e5 vagt. Patienterne skal selv s\u00f8rge for transport. F\u00f8rst n\u00e5r transport ikke er mulig af medicinske \u00e5rsager, kommer l\u00e6gen p\u00e5 vagt hjem.","og_url":"https:\/\/hapmaastricht.nl\/da\/ofte-stillede-sp\u00f8rgsm\u00e5l\/jeg-har-ikke-transport-kan-laegen-komme-til-mig\/","og_site_name":"Alment praktiserende l\u00e6ges akutpost Maastricht","article_modified_time":"2025-07-10T07:56:05+00:00","twitter_card":"summary_large_image","twitter_misc":{"Estimeret l\u00e6setid":"1 minut"},"schema":{"@context":"https:\/\/schema.org","@graph":[{"@type":"WebPage","@id":"https:\/\/hapmaastricht.nl\/da\/ofte-stillede-sp\u00f8rgsm\u00e5l\/jeg-har-ikke-transport-kan-laegen-komme-til-mig\/","url":"https:\/\/hapmaastricht.nl\/da\/ofte-stillede-sp\u00f8rgsm\u00e5l\/jeg-har-ikke-transport-kan-laegen-komme-til-mig\/","name":"Jeg har ikke transport, kan l\u00e6gen komme til mig? - Alment praktiserende l\u00e6ges akutpost Maastricht","isPartOf":{"@id":"https:\/\/hapmaastricht.nl\/da\/#website"},"datePublished":"2023-05-02T11:47:29+00:00","dateModified":"2025-07-10T07:56:05+00:00","breadcrumb":{"@id":"https:\/\/hapmaastricht.nl\/da\/ofte-stillede-sp\u00f8rgsm\u00e5l\/jeg-har-ikke-transport-kan-laegen-komme-til-mig\/#breadcrumb"},"inLanguage":"da-DK","potentialAction":[{"@type":"ReadAction","target":["https:\/\/hapmaastricht.nl\/da\/ofte-stillede-sp\u00f8rgsm\u00e5l\/jeg-har-ikke-transport-kan-laegen-komme-til-mig\/"]}]},{"@type":"BreadcrumbList","@id":"https:\/\/hapmaastricht.nl\/da\/ofte-stillede-sp\u00f8rgsm\u00e5l\/jeg-har-ikke-transport-kan-laegen-komme-til-mig\/#breadcrumb","itemListElement":[{"@type":"ListItem","position":1,"name":"Home","item":"https:\/\/hapmaastricht.nl\/da\/"},{"@type":"ListItem","position":2,"name":"FAQs","item":"https:\/\/hapmaastricht.nl\/da\/ofte-stillede-sp\u00f8rgsm\u00e5l\/"},{"@type":"ListItem","position":3,"name":"Jeg har ingen transport, kan l\u00e6gen komme til mig?"}]},{"@type":"WebSite","@id":"https:\/\/hapmaastricht.nl\/da\/#website","url":"https:\/\/hapmaastricht.nl\/da\/","name":"Alment praktiserende l\u00e6ges akutpost Maastricht","description":"","potentialAction":[{"@type":"SearchAction","target":{"@type":"EntryPoint","urlTemplate":"https:\/\/hapmaastricht.nl\/da\/?s={search_term_string}"},"query-input":{"@type":"PropertyValueSpecification","valueRequired":true,"valueName":"search_term_string"}}],"inLanguage":"da-DK"}]}},"_links":{"self":[{"href":"https:\/\/hapmaastricht.nl\/da\/wp-json\/wp\/v2\/faq\/2102","targetHints":{"allow":["GET"]}}],"collection":[{"href":"https:\/\/hapmaastricht.nl\/da\/wp-json\/wp\/v2\/faq"}],"about":[{"href":"https:\/\/hapmaastricht.nl\/da\/wp-json\/wp\/v2\/types\/faq"}],"version-history":[{"count":1,"href":"https:\/\/hapmaastricht.nl\/da\/wp-json\/wp\/v2\/faq\/2102\/revisions"}],"predecessor-version":[{"id":9206,"href":"https:\/\/hapmaastricht.nl\/da\/wp-json\/wp\/v2\/faq\/2102\/revisions\/9206"}],"wp:attachment":[{"href":"https:\/\/hapmaastricht.nl\/da\/wp-json\/wp\/v2\/media?parent=2102"}],"wp:term":[{"taxonomy":"question_type","embeddable":true,"href":"https:\/\/hapmaastricht.nl\/da\/wp-json\/wp\/v2\/question_type?post=2102"}],"curies":[{"name":"wp","href":"https:\/\/api.w.org\/{rel}","templated":true}]}}