{"id":2061,"date":"2023-05-02T12:38:05","date_gmt":"2023-05-02T10:38:05","guid":{"rendered":"https:\/\/multisite.mindd.dev\/hap-maastricht\/?post_type=faq&#038;p=2061"},"modified":"2025-07-10T09:57:01","modified_gmt":"2025-07-10T07:57:01","slug":"puedo-ir-a-la-sala-de-urgencias-del-medico-de-cabecera","status":"publish","type":"faq","link":"https:\/\/hapmaastricht.nl\/es\/preguntas-frecuentes\/puedo-ir-a-la-sala-de-urgencias-del-medico-de-cabecera\/","title":{"rendered":"\u00bfPuedo ir simplemente a la estaci\u00f3n de emergencia del m\u00e9dico de cabecera?"},"content":{"rendered":"\n<p>No. Es importante para usted y para la organizaci\u00f3n llamar primero a la Estaci\u00f3n de Urgencias del M\u00e9dico General y presentar su queja al asistente del m\u00e9dico, quien lo pondr\u00e1 en l\u00ednea. Junto con usted, determinaremos si se puede concertar una cita para una consulta o una visita. El n\u00famero de tel\u00e9fono de la Estaci\u00f3n de Urgencias de los m\u00e9dicos de cabecera de Maastricht y&nbsp;Heuvelland es: <span translate=\"no\">043 7500123<\/span>.<\/p>\n","protected":false},"excerpt":{"rendered":"<p>No. Es importante que usted y la organizaci\u00f3n llamen primero al puesto de urgencias del m\u00e9dico de cabecera y presenten su queja al m\u00e9dico asistente, quien lo llamar\u00e1. Junto con usted, veremos si se concertar\u00e1 una posible cita para una consulta o una visita. El n\u00famero de tel\u00e9fono del puesto de urgencias de m\u00e9dicos generalistas de Maastricht y Heuvelland es:.<\/p>\n","protected":false},"menu_order":159,"template":"","meta":{"_acf_changed":false,"_trash_the_other_posts":false,"editor_notices":[],"footnotes":""},"question_type":[40],"class_list":["post-2061","faq","type-faq","status-publish","hentry","question_type-general"],"acf":[],"yoast_head":"<!-- This site is optimized with the Yoast SEO plugin v26.6 - https:\/\/yoast.com\/wordpress\/plugins\/seo\/ -->\n<title>\u00bfPuedo ir simplemente a la estaci\u00f3n de emergencia del m\u00e9dico de cabecera? - Puesto de emergencia m\u00e9dico de cabecera Maastricht<\/title>\n<meta name=\"robots\" content=\"index, follow, max-snippet:-1, max-image-preview:large, max-video-preview:-1\" \/>\n<link rel=\"canonical\" href=\"https:\/\/hapmaastricht.nl\/es\/preguntas-frecuentes\/puedo-ir-a-la-sala-de-emergencias-del-medico\/\" \/>\n<meta property=\"og:locale\" content=\"es_ES\" \/>\n<meta property=\"og:type\" content=\"article\" \/>\n<meta property=\"og:title\" content=\"\u00bfPuedo ir simplemente a la estaci\u00f3n de emergencia del m\u00e9dico de cabecera? - Puesto de emergencia m\u00e9dico de cabecera Maastricht\" \/>\n<meta property=\"og:description\" content=\"No. Es importante que usted y la organizaci\u00f3n llamen primero al puesto de urgencias del m\u00e9dico de cabecera y presenten su queja al m\u00e9dico asistente, quien lo llamar\u00e1. Junto con usted, veremos si se concertar\u00e1 una posible cita para una consulta o una visita. El n\u00famero de tel\u00e9fono del puesto de urgencias de m\u00e9dicos generalistas de Maastricht y Heuvelland es:.\" \/>\n<meta property=\"og:url\" content=\"https:\/\/hapmaastricht.nl\/es\/preguntas-frecuentes\/puedo-ir-a-la-sala-de-emergencias-del-medico\/\" \/>\n<meta property=\"og:site_name\" content=\"Puesto de emergencia m\u00e9dico de cabecera Maastricht\" \/>\n<meta property=\"article:modified_time\" content=\"2025-07-10T07:57:01+00:00\" \/>\n<meta name=\"twitter:card\" content=\"summary_large_image\" \/>\n<meta name=\"twitter:label1\" content=\"Tiempo de lectura\" \/>\n\t<meta name=\"twitter:data1\" content=\"1 minuto\" \/>\n<script type=\"application\/ld+json\" class=\"yoast-schema-graph\">{\"@context\":\"https:\/\/schema.org\",\"@graph\":[{\"@type\":\"WebPage\",\"@id\":\"https:\/\/hapmaastricht.nl\/es\/preguntas-frecuentes\/puedo-ir-a-la-sala-de-emergencias-del-medico\/\",\"url\":\"https:\/\/hapmaastricht.nl\/es\/preguntas-frecuentes\/puedo-ir-a-la-sala-de-emergencias-del-medico\/\",\"name\":\"\u00bfPuedo ir simplemente a la estaci\u00f3n de emergencia del m\u00e9dico de cabecera? - Puesto de emergencia m\u00e9dico de cabecera Maastricht\",\"isPartOf\":{\"@id\":\"https:\/\/hapmaastricht.nl\/es\/#website\"},\"datePublished\":\"2023-05-02T10:38:05+00:00\",\"dateModified\":\"2025-07-10T07:57:01+00:00\",\"breadcrumb\":{\"@id\":\"https:\/\/hapmaastricht.nl\/es\/preguntas-frecuentes\/puedo-ir-a-la-sala-de-emergencias-del-medico\/#breadcrumb\"},\"inLanguage\":\"es\",\"potentialAction\":[{\"@type\":\"ReadAction\",\"target\":[\"https:\/\/hapmaastricht.nl\/es\/preguntas-frecuentes\/puedo-ir-a-la-sala-de-emergencias-del-medico\/\"]}]},{\"@type\":\"BreadcrumbList\",\"@id\":\"https:\/\/hapmaastricht.nl\/es\/preguntas-frecuentes\/puedo-ir-a-la-sala-de-emergencias-del-medico\/#breadcrumb\",\"itemListElement\":[{\"@type\":\"ListItem\",\"position\":1,\"name\":\"Home\",\"item\":\"https:\/\/hapmaastricht.nl\/es\/\"},{\"@type\":\"ListItem\",\"position\":2,\"name\":\"FAQs\",\"item\":\"https:\/\/hapmaastricht.nl\/es\/preguntas-frecuentes\/\"},{\"@type\":\"ListItem\",\"position\":3,\"name\":\"\u00bfPuedo simplemente ir al puesto de emergencias del m\u00e9dico de cabecera?\"}]},{\"@type\":\"WebSite\",\"@id\":\"https:\/\/hapmaastricht.nl\/es\/#website\",\"url\":\"https:\/\/hapmaastricht.nl\/es\/\",\"name\":\"Puesto de emergencia m\u00e9dico de cabecera Maastricht\",\"description\":\"\",\"potentialAction\":[{\"@type\":\"SearchAction\",\"target\":{\"@type\":\"EntryPoint\",\"urlTemplate\":\"https:\/\/hapmaastricht.nl\/es\/?s={search_term_string}\"},\"query-input\":{\"@type\":\"PropertyValueSpecification\",\"valueRequired\":true,\"valueName\":\"search_term_string\"}}],\"inLanguage\":\"es\"}]}<\/script>\n<!-- \/ Yoast SEO plugin. -->","yoast_head_json":{"title":"\u00bfPuedo ir simplemente a la estaci\u00f3n de emergencia del m\u00e9dico de cabecera? - Puesto de emergencia m\u00e9dico de cabecera Maastricht","robots":{"index":"index","follow":"follow","max-snippet":"max-snippet:-1","max-image-preview":"max-image-preview:large","max-video-preview":"max-video-preview:-1"},"canonical":"https:\/\/hapmaastricht.nl\/es\/preguntas-frecuentes\/puedo-ir-a-la-sala-de-emergencias-del-medico\/","og_locale":"es_ES","og_type":"article","og_title":"\u00bfPuedo ir simplemente a la estaci\u00f3n de emergencia del m\u00e9dico de cabecera? - Puesto de emergencia m\u00e9dico de cabecera Maastricht","og_description":"No. Es importante que usted y la organizaci\u00f3n llamen primero al puesto de urgencias del m\u00e9dico de cabecera y presenten su queja al m\u00e9dico asistente, quien lo llamar\u00e1. Junto con usted, veremos si se concertar\u00e1 una posible cita para una consulta o una visita. El n\u00famero de tel\u00e9fono del puesto de urgencias de m\u00e9dicos generalistas de Maastricht y Heuvelland es:.","og_url":"https:\/\/hapmaastricht.nl\/es\/preguntas-frecuentes\/puedo-ir-a-la-sala-de-emergencias-del-medico\/","og_site_name":"Puesto de emergencia m\u00e9dico de cabecera Maastricht","article_modified_time":"2025-07-10T07:57:01+00:00","twitter_card":"summary_large_image","twitter_misc":{"Tiempo de lectura":"1 minuto"},"schema":{"@context":"https:\/\/schema.org","@graph":[{"@type":"WebPage","@id":"https:\/\/hapmaastricht.nl\/es\/preguntas-frecuentes\/puedo-ir-a-la-sala-de-emergencias-del-medico\/","url":"https:\/\/hapmaastricht.nl\/es\/preguntas-frecuentes\/puedo-ir-a-la-sala-de-emergencias-del-medico\/","name":"\u00bfPuedo ir simplemente a la estaci\u00f3n de emergencia del m\u00e9dico de cabecera? - Puesto de emergencia m\u00e9dico de cabecera Maastricht","isPartOf":{"@id":"https:\/\/hapmaastricht.nl\/es\/#website"},"datePublished":"2023-05-02T10:38:05+00:00","dateModified":"2025-07-10T07:57:01+00:00","breadcrumb":{"@id":"https:\/\/hapmaastricht.nl\/es\/preguntas-frecuentes\/puedo-ir-a-la-sala-de-emergencias-del-medico\/#breadcrumb"},"inLanguage":"es","potentialAction":[{"@type":"ReadAction","target":["https:\/\/hapmaastricht.nl\/es\/preguntas-frecuentes\/puedo-ir-a-la-sala-de-emergencias-del-medico\/"]}]},{"@type":"BreadcrumbList","@id":"https:\/\/hapmaastricht.nl\/es\/preguntas-frecuentes\/puedo-ir-a-la-sala-de-emergencias-del-medico\/#breadcrumb","itemListElement":[{"@type":"ListItem","position":1,"name":"Home","item":"https:\/\/hapmaastricht.nl\/es\/"},{"@type":"ListItem","position":2,"name":"FAQs","item":"https:\/\/hapmaastricht.nl\/es\/preguntas-frecuentes\/"},{"@type":"ListItem","position":3,"name":"\u00bfPuedo simplemente ir al puesto de emergencias del m\u00e9dico de cabecera?"}]},{"@type":"WebSite","@id":"https:\/\/hapmaastricht.nl\/es\/#website","url":"https:\/\/hapmaastricht.nl\/es\/","name":"Puesto de emergencia m\u00e9dico de cabecera Maastricht","description":"","potentialAction":[{"@type":"SearchAction","target":{"@type":"EntryPoint","urlTemplate":"https:\/\/hapmaastricht.nl\/es\/?s={search_term_string}"},"query-input":{"@type":"PropertyValueSpecification","valueRequired":true,"valueName":"search_term_string"}}],"inLanguage":"es"}]}},"_links":{"self":[{"href":"https:\/\/hapmaastricht.nl\/es\/wp-json\/wp\/v2\/faq\/2061","targetHints":{"allow":["GET"]}}],"collection":[{"href":"https:\/\/hapmaastricht.nl\/es\/wp-json\/wp\/v2\/faq"}],"about":[{"href":"https:\/\/hapmaastricht.nl\/es\/wp-json\/wp\/v2\/types\/faq"}],"version-history":[{"count":1,"href":"https:\/\/hapmaastricht.nl\/es\/wp-json\/wp\/v2\/faq\/2061\/revisions"}],"predecessor-version":[{"id":9229,"href":"https:\/\/hapmaastricht.nl\/es\/wp-json\/wp\/v2\/faq\/2061\/revisions\/9229"}],"wp:attachment":[{"href":"https:\/\/hapmaastricht.nl\/es\/wp-json\/wp\/v2\/media?parent=2061"}],"wp:term":[{"taxonomy":"question_type","embeddable":true,"href":"https:\/\/hapmaastricht.nl\/es\/wp-json\/wp\/v2\/question_type?post=2061"}],"curies":[{"name":"wp","href":"https:\/\/api.w.org\/{rel}","templated":true}]}}