{"id":2061,"date":"2023-05-02T12:38:05","date_gmt":"2023-05-02T10:38:05","guid":{"rendered":"https:\/\/multisite.mindd.dev\/hap-maastricht\/?post_type=faq&#038;p=2061"},"modified":"2025-07-10T09:57:02","modified_gmt":"2025-07-10T07:57:02","slug":"kan-jag-bara-ga-till-huslakaren-akuten","status":"publish","type":"faq","link":"https:\/\/hapmaastricht.nl\/sv\/vanliga-fr\u00e5gor\/kan-jag-bara-ga-till-huslakaren-akuten\/","title":{"rendered":"Kan jag bara g\u00e5 till v\u00e5rdcentralen?"},"content":{"rendered":"\n<p>Nej. Det \u00e4r viktigt f\u00f6r dig sj\u00e4lv och f\u00f6r organisationen att f\u00f6rst ringa till allm\u00e4nl\u00e4karens akutstation och l\u00e4mna in ditt klagom\u00e5l till l\u00e4karassistenten som kommer att se till att du kommer ig\u00e5ng. Tillsammans med dig kommer vi att avg\u00f6ra om en tid f\u00f6r en konsultation eller ett bes\u00f6k kan bokas. Telefonnumret till allm\u00e4nl\u00e4karnas akutstationer i Maastricht och&nbsp;Heuvelland \u00e4r: <span translate=\"no\">043 7500123<\/span>.<\/p>\n","protected":false},"excerpt":{"rendered":"<p>Nej. Det \u00e4r viktigt f\u00f6r dig sj\u00e4lv och f\u00f6r organisationen att f\u00f6rst ringa GP Emergency Post och skicka ditt klagom\u00e5l till l\u00e4karassistenten som kommer att ringa dig. Tillsammans med dig ser vi om en eventuell tid f\u00f6r en konsultation eller ett bes\u00f6k kommer att g\u00f6ras. Telefonnumret till Maastricht och Heuvelland General Practitioners Emergency Post \u00e4r:.<\/p>\n","protected":false},"menu_order":159,"template":"","meta":{"_acf_changed":false,"_trash_the_other_posts":false,"editor_notices":[],"footnotes":""},"question_type":[40],"class_list":["post-2061","faq","type-faq","status-publish","hentry","question_type-allman"],"acf":[],"yoast_head":"<!-- This site is optimized with the Yoast SEO plugin v26.6 - https:\/\/yoast.com\/wordpress\/plugins\/seo\/ -->\n<title>Kan jag bara g\u00e5 till v\u00e5rdcentralen? - L\u00e4karens akutpost Maastricht<\/title>\n<meta name=\"robots\" content=\"index, follow, max-snippet:-1, max-image-preview:large, max-video-preview:-1\" \/>\n<link rel=\"canonical\" href=\"https:\/\/hapmaastricht.nl\/sv\/vanliga-fr\u00e5gor\/kan-jag-bara-ga-till-lakarens-akutrum\/\" \/>\n<meta property=\"og:locale\" content=\"sv_SE\" \/>\n<meta property=\"og:type\" content=\"article\" \/>\n<meta property=\"og:title\" content=\"Kan jag bara g\u00e5 till v\u00e5rdcentralen? - L\u00e4karens akutpost Maastricht\" \/>\n<meta property=\"og:description\" content=\"Nej. Det \u00e4r viktigt f\u00f6r dig sj\u00e4lv och f\u00f6r organisationen att f\u00f6rst ringa GP Emergency Post och skicka ditt klagom\u00e5l till l\u00e4karassistenten som kommer att ringa dig. Tillsammans med dig ser vi om en eventuell tid f\u00f6r en konsultation eller ett bes\u00f6k kommer att g\u00f6ras. Telefonnumret till Maastricht och Heuvelland General Practitioners Emergency Post \u00e4r:.\" \/>\n<meta property=\"og:url\" content=\"https:\/\/hapmaastricht.nl\/sv\/vanliga-fr\u00e5gor\/kan-jag-bara-ga-till-lakarens-akutrum\/\" \/>\n<meta property=\"og:site_name\" content=\"L\u00e4karens akutpost Maastricht\" \/>\n<meta property=\"article:modified_time\" content=\"2025-07-10T07:57:02+00:00\" \/>\n<meta name=\"twitter:card\" content=\"summary_large_image\" \/>\n<meta name=\"twitter:label1\" content=\"Ber\u00e4knad l\u00e4stid\" \/>\n\t<meta name=\"twitter:data1\" content=\"1 minut\" \/>\n<script type=\"application\/ld+json\" class=\"yoast-schema-graph\">{\"@context\":\"https:\/\/schema.org\",\"@graph\":[{\"@type\":\"WebPage\",\"@id\":\"https:\/\/hapmaastricht.nl\/sv\/vanliga-fr\u00e5gor\/kan-jag-bara-ga-till-lakarens-akutrum\/\",\"url\":\"https:\/\/hapmaastricht.nl\/sv\/vanliga-fr\u00e5gor\/kan-jag-bara-ga-till-lakarens-akutrum\/\",\"name\":\"Kan jag bara g\u00e5 till v\u00e5rdcentralen? - L\u00e4karens akutpost Maastricht\",\"isPartOf\":{\"@id\":\"https:\/\/hapmaastricht.nl\/sv\/#website\"},\"datePublished\":\"2023-05-02T10:38:05+00:00\",\"dateModified\":\"2025-07-10T07:57:02+00:00\",\"breadcrumb\":{\"@id\":\"https:\/\/hapmaastricht.nl\/sv\/vanliga-fr\u00e5gor\/kan-jag-bara-ga-till-lakarens-akutrum\/#breadcrumb\"},\"inLanguage\":\"sv-SE\",\"potentialAction\":[{\"@type\":\"ReadAction\",\"target\":[\"https:\/\/hapmaastricht.nl\/sv\/vanliga-fr\u00e5gor\/kan-jag-bara-ga-till-lakarens-akutrum\/\"]}]},{\"@type\":\"BreadcrumbList\",\"@id\":\"https:\/\/hapmaastricht.nl\/sv\/vanliga-fr\u00e5gor\/kan-jag-bara-ga-till-lakarens-akutrum\/#breadcrumb\",\"itemListElement\":[{\"@type\":\"ListItem\",\"position\":1,\"name\":\"Home\",\"item\":\"https:\/\/hapmaastricht.nl\/sv\/\"},{\"@type\":\"ListItem\",\"position\":2,\"name\":\"FAQs\",\"item\":\"https:\/\/hapmaastricht.nl\/sv\/vanliga-fr\u00e5gor\/\"},{\"@type\":\"ListItem\",\"position\":3,\"name\":\"Kan jag bara g\u00e5 till GP Emergency Post?\"}]},{\"@type\":\"WebSite\",\"@id\":\"https:\/\/hapmaastricht.nl\/sv\/#website\",\"url\":\"https:\/\/hapmaastricht.nl\/sv\/\",\"name\":\"L\u00e4karens akutpost Maastricht\",\"description\":\"\",\"potentialAction\":[{\"@type\":\"SearchAction\",\"target\":{\"@type\":\"EntryPoint\",\"urlTemplate\":\"https:\/\/hapmaastricht.nl\/sv\/?s={search_term_string}\"},\"query-input\":{\"@type\":\"PropertyValueSpecification\",\"valueRequired\":true,\"valueName\":\"search_term_string\"}}],\"inLanguage\":\"sv-SE\"}]}<\/script>\n<!-- \/ Yoast SEO plugin. -->","yoast_head_json":{"title":"Kan jag bara g\u00e5 till v\u00e5rdcentralen? - L\u00e4karens akutpost Maastricht","robots":{"index":"index","follow":"follow","max-snippet":"max-snippet:-1","max-image-preview":"max-image-preview:large","max-video-preview":"max-video-preview:-1"},"canonical":"https:\/\/hapmaastricht.nl\/sv\/vanliga-fr\u00e5gor\/kan-jag-bara-ga-till-lakarens-akutrum\/","og_locale":"sv_SE","og_type":"article","og_title":"Kan jag bara g\u00e5 till v\u00e5rdcentralen? - L\u00e4karens akutpost Maastricht","og_description":"Nej. Det \u00e4r viktigt f\u00f6r dig sj\u00e4lv och f\u00f6r organisationen att f\u00f6rst ringa GP Emergency Post och skicka ditt klagom\u00e5l till l\u00e4karassistenten som kommer att ringa dig. Tillsammans med dig ser vi om en eventuell tid f\u00f6r en konsultation eller ett bes\u00f6k kommer att g\u00f6ras. Telefonnumret till Maastricht och Heuvelland General Practitioners Emergency Post \u00e4r:.","og_url":"https:\/\/hapmaastricht.nl\/sv\/vanliga-fr\u00e5gor\/kan-jag-bara-ga-till-lakarens-akutrum\/","og_site_name":"L\u00e4karens akutpost Maastricht","article_modified_time":"2025-07-10T07:57:02+00:00","twitter_card":"summary_large_image","twitter_misc":{"Ber\u00e4knad l\u00e4stid":"1 minut"},"schema":{"@context":"https:\/\/schema.org","@graph":[{"@type":"WebPage","@id":"https:\/\/hapmaastricht.nl\/sv\/vanliga-fr\u00e5gor\/kan-jag-bara-ga-till-lakarens-akutrum\/","url":"https:\/\/hapmaastricht.nl\/sv\/vanliga-fr\u00e5gor\/kan-jag-bara-ga-till-lakarens-akutrum\/","name":"Kan jag bara g\u00e5 till v\u00e5rdcentralen? - L\u00e4karens akutpost Maastricht","isPartOf":{"@id":"https:\/\/hapmaastricht.nl\/sv\/#website"},"datePublished":"2023-05-02T10:38:05+00:00","dateModified":"2025-07-10T07:57:02+00:00","breadcrumb":{"@id":"https:\/\/hapmaastricht.nl\/sv\/vanliga-fr\u00e5gor\/kan-jag-bara-ga-till-lakarens-akutrum\/#breadcrumb"},"inLanguage":"sv-SE","potentialAction":[{"@type":"ReadAction","target":["https:\/\/hapmaastricht.nl\/sv\/vanliga-fr\u00e5gor\/kan-jag-bara-ga-till-lakarens-akutrum\/"]}]},{"@type":"BreadcrumbList","@id":"https:\/\/hapmaastricht.nl\/sv\/vanliga-fr\u00e5gor\/kan-jag-bara-ga-till-lakarens-akutrum\/#breadcrumb","itemListElement":[{"@type":"ListItem","position":1,"name":"Home","item":"https:\/\/hapmaastricht.nl\/sv\/"},{"@type":"ListItem","position":2,"name":"FAQs","item":"https:\/\/hapmaastricht.nl\/sv\/vanliga-fr\u00e5gor\/"},{"@type":"ListItem","position":3,"name":"Kan jag bara g\u00e5 till GP Emergency Post?"}]},{"@type":"WebSite","@id":"https:\/\/hapmaastricht.nl\/sv\/#website","url":"https:\/\/hapmaastricht.nl\/sv\/","name":"L\u00e4karens akutpost Maastricht","description":"","potentialAction":[{"@type":"SearchAction","target":{"@type":"EntryPoint","urlTemplate":"https:\/\/hapmaastricht.nl\/sv\/?s={search_term_string}"},"query-input":{"@type":"PropertyValueSpecification","valueRequired":true,"valueName":"search_term_string"}}],"inLanguage":"sv-SE"}]}},"_links":{"self":[{"href":"https:\/\/hapmaastricht.nl\/sv\/wp-json\/wp\/v2\/faq\/2061","targetHints":{"allow":["GET"]}}],"collection":[{"href":"https:\/\/hapmaastricht.nl\/sv\/wp-json\/wp\/v2\/faq"}],"about":[{"href":"https:\/\/hapmaastricht.nl\/sv\/wp-json\/wp\/v2\/types\/faq"}],"version-history":[{"count":1,"href":"https:\/\/hapmaastricht.nl\/sv\/wp-json\/wp\/v2\/faq\/2061\/revisions"}],"predecessor-version":[{"id":9223,"href":"https:\/\/hapmaastricht.nl\/sv\/wp-json\/wp\/v2\/faq\/2061\/revisions\/9223"}],"wp:attachment":[{"href":"https:\/\/hapmaastricht.nl\/sv\/wp-json\/wp\/v2\/media?parent=2061"}],"wp:term":[{"taxonomy":"question_type","embeddable":true,"href":"https:\/\/hapmaastricht.nl\/sv\/wp-json\/wp\/v2\/question_type?post=2061"}],"curies":[{"name":"wp","href":"https:\/\/api.w.org\/{rel}","templated":true}]}}