{"id":2077,"date":"2023-05-02T13:36:34","date_gmt":"2023-05-02T11:36:34","guid":{"rendered":"https:\/\/multisite.mindd.dev\/hap-maastricht\/?post_type=faq&#038;p=2077"},"modified":"2025-07-10T09:56:37","modified_gmt":"2025-07-10T07:56:37","slug":"jag-har-bara-pratat-med-doktorns-assistent-och-far-en-rakning-hur-ar-det","status":"publish","type":"faq","link":"https:\/\/hapmaastricht.nl\/sv\/vanliga-fr\u00e5gor\/jag-har-bara-pratat-med-doktorns-assistent-och-far-en-rakning-hur-ar-det\/","title":{"rendered":"Jag har bara pratat med l\u00e4karens assistent och f\u00e5r fortfarande en r\u00e4kning. Hur fungerar det?"},"content":{"rendered":"\n<p>N\u00e4r du kontaktar v\u00e5rdcentralen och f\u00e5r medicinsk r\u00e5dgivning via telefon f\u00e5r du eller din f\u00f6rs\u00e4kringskassa alltid en faktura. \u00c4ven om du bara har haft kontakt med l\u00e4karens assistent och hon har gett dig medicinsk r\u00e5dgivning, kommer du att f\u00e5 en r\u00e4kning. L\u00e4karassistenten \u00e4r utbildad i att sj\u00e4lvst\u00e4ndigt hantera ett antal klagom\u00e5l. Hon g\u00f6r detta under ansvar av den behandlande allm\u00e4nl\u00e4karen. Medicinsk r\u00e5dgivning fr\u00e5n en l\u00e4karassistent bed\u00f6ms alltid i efterhand av en allm\u00e4nl\u00e4kare.<\/p>\n","protected":false},"excerpt":{"rendered":"<p>N\u00e4r du kontaktar allm\u00e4nl\u00e4karens akutpost och du f\u00e5r medicinsk r\u00e5dgivning per telefon f\u00e5r du eller ditt sjukf\u00f6rs\u00e4kringsbolag alltid en faktura. \u00c4ven om du bara har haft kontakt med l\u00e4karassistenten och hon har gett dig medicinsk r\u00e5dgivning, f\u00e5r du en faktura. L\u00e4karens assistent \u00e4r utbildad i att hantera ett antal klagom\u00e5l sj\u00e4lvst\u00e4ndigt. Hon g\u00f6r detta under ansvar av den n\u00e4rvarande l\u00e4karen. Den medicinska r\u00e5dgivningen fr\u00e5n en l\u00e4karassistent bed\u00f6ms alltid av en allm\u00e4nl\u00e4kare efter\u00e5t.<\/p>\n","protected":false},"menu_order":244,"template":"","meta":{"_acf_changed":false,"_trash_the_other_posts":false,"editor_notices":[],"footnotes":""},"question_type":[42],"class_list":["post-2077","faq","type-faq","status-publish","hentry","question_type-kostnader"],"acf":[],"yoast_head":"<!-- This site is optimized with the Yoast SEO plugin v26.6 - https:\/\/yoast.com\/wordpress\/plugins\/seo\/ -->\n<title>Jag har bara pratat med l\u00e4karens assistent och f\u00e5r fortfarande en r\u00e4kning. Hur fungerar det? - L\u00e4karens akutpost Maastricht<\/title>\n<meta name=\"robots\" content=\"index, follow, max-snippet:-1, max-image-preview:large, max-video-preview:-1\" \/>\n<link rel=\"canonical\" href=\"https:\/\/hapmaastricht.nl\/sv\/vanliga-fr\u00e5gor\/jag-pratade-bara-med-lakarassistenten-och-far-fortfarande-en-rakning-vad-sags-om-det\/\" \/>\n<meta property=\"og:locale\" content=\"sv_SE\" \/>\n<meta property=\"og:type\" content=\"article\" \/>\n<meta property=\"og:title\" content=\"Jag har bara pratat med l\u00e4karens assistent och f\u00e5r fortfarande en r\u00e4kning. Hur fungerar det? - L\u00e4karens akutpost Maastricht\" \/>\n<meta property=\"og:description\" content=\"N\u00e4r du kontaktar allm\u00e4nl\u00e4karens akutpost och du f\u00e5r medicinsk r\u00e5dgivning per telefon f\u00e5r du eller ditt sjukf\u00f6rs\u00e4kringsbolag alltid en faktura. \u00c4ven om du bara har haft kontakt med l\u00e4karassistenten och hon har gett dig medicinsk r\u00e5dgivning, f\u00e5r du en faktura. L\u00e4karens assistent \u00e4r utbildad i att hantera ett antal klagom\u00e5l sj\u00e4lvst\u00e4ndigt. Hon g\u00f6r detta under ansvar av den n\u00e4rvarande l\u00e4karen. Den medicinska r\u00e5dgivningen fr\u00e5n en l\u00e4karassistent bed\u00f6ms alltid av en allm\u00e4nl\u00e4kare efter\u00e5t.\" \/>\n<meta property=\"og:url\" content=\"https:\/\/hapmaastricht.nl\/sv\/vanliga-fr\u00e5gor\/jag-pratade-bara-med-lakarassistenten-och-far-fortfarande-en-rakning-vad-sags-om-det\/\" \/>\n<meta property=\"og:site_name\" content=\"L\u00e4karens akutpost Maastricht\" \/>\n<meta property=\"article:modified_time\" content=\"2025-07-10T07:56:37+00:00\" \/>\n<meta name=\"twitter:card\" content=\"summary_large_image\" \/>\n<meta name=\"twitter:label1\" content=\"Ber\u00e4knad l\u00e4stid\" \/>\n\t<meta name=\"twitter:data1\" content=\"1 minut\" \/>\n<script type=\"application\/ld+json\" class=\"yoast-schema-graph\">{\"@context\":\"https:\/\/schema.org\",\"@graph\":[{\"@type\":\"WebPage\",\"@id\":\"https:\/\/hapmaastricht.nl\/sv\/vanliga-fr\u00e5gor\/jag-pratade-bara-med-lakarassistenten-och-far-fortfarande-en-rakning-vad-sags-om-det\/\",\"url\":\"https:\/\/hapmaastricht.nl\/sv\/vanliga-fr\u00e5gor\/jag-pratade-bara-med-lakarassistenten-och-far-fortfarande-en-rakning-vad-sags-om-det\/\",\"name\":\"Jag har bara pratat med l\u00e4karens assistent och f\u00e5r fortfarande en r\u00e4kning. Hur fungerar det? - L\u00e4karens akutpost Maastricht\",\"isPartOf\":{\"@id\":\"https:\/\/hapmaastricht.nl\/sv\/#website\"},\"datePublished\":\"2023-05-02T11:36:34+00:00\",\"dateModified\":\"2025-07-10T07:56:37+00:00\",\"breadcrumb\":{\"@id\":\"https:\/\/hapmaastricht.nl\/sv\/vanliga-fr\u00e5gor\/jag-pratade-bara-med-lakarassistenten-och-far-fortfarande-en-rakning-vad-sags-om-det\/#breadcrumb\"},\"inLanguage\":\"sv-SE\",\"potentialAction\":[{\"@type\":\"ReadAction\",\"target\":[\"https:\/\/hapmaastricht.nl\/sv\/vanliga-fr\u00e5gor\/jag-pratade-bara-med-lakarassistenten-och-far-fortfarande-en-rakning-vad-sags-om-det\/\"]}]},{\"@type\":\"BreadcrumbList\",\"@id\":\"https:\/\/hapmaastricht.nl\/sv\/vanliga-fr\u00e5gor\/jag-pratade-bara-med-lakarassistenten-och-far-fortfarande-en-rakning-vad-sags-om-det\/#breadcrumb\",\"itemListElement\":[{\"@type\":\"ListItem\",\"position\":1,\"name\":\"Home\",\"item\":\"https:\/\/hapmaastricht.nl\/sv\/\"},{\"@type\":\"ListItem\",\"position\":2,\"name\":\"FAQs\",\"item\":\"https:\/\/hapmaastricht.nl\/sv\/vanliga-fr\u00e5gor\/\"},{\"@type\":\"ListItem\",\"position\":3,\"name\":\"Jag pratade bara med l\u00e4karassistenten och f\u00e5r fortfarande en faktura. Vad s\u00e4gs om det?\"}]},{\"@type\":\"WebSite\",\"@id\":\"https:\/\/hapmaastricht.nl\/sv\/#website\",\"url\":\"https:\/\/hapmaastricht.nl\/sv\/\",\"name\":\"L\u00e4karens akutpost Maastricht\",\"description\":\"\",\"potentialAction\":[{\"@type\":\"SearchAction\",\"target\":{\"@type\":\"EntryPoint\",\"urlTemplate\":\"https:\/\/hapmaastricht.nl\/sv\/?s={search_term_string}\"},\"query-input\":{\"@type\":\"PropertyValueSpecification\",\"valueRequired\":true,\"valueName\":\"search_term_string\"}}],\"inLanguage\":\"sv-SE\"}]}<\/script>\n<!-- \/ Yoast SEO plugin. -->","yoast_head_json":{"title":"Jag har bara pratat med l\u00e4karens assistent och f\u00e5r fortfarande en r\u00e4kning. Hur fungerar det? - L\u00e4karens akutpost Maastricht","robots":{"index":"index","follow":"follow","max-snippet":"max-snippet:-1","max-image-preview":"max-image-preview:large","max-video-preview":"max-video-preview:-1"},"canonical":"https:\/\/hapmaastricht.nl\/sv\/vanliga-fr\u00e5gor\/jag-pratade-bara-med-lakarassistenten-och-far-fortfarande-en-rakning-vad-sags-om-det\/","og_locale":"sv_SE","og_type":"article","og_title":"Jag har bara pratat med l\u00e4karens assistent och f\u00e5r fortfarande en r\u00e4kning. Hur fungerar det? - L\u00e4karens akutpost Maastricht","og_description":"N\u00e4r du kontaktar allm\u00e4nl\u00e4karens akutpost och du f\u00e5r medicinsk r\u00e5dgivning per telefon f\u00e5r du eller ditt sjukf\u00f6rs\u00e4kringsbolag alltid en faktura. \u00c4ven om du bara har haft kontakt med l\u00e4karassistenten och hon har gett dig medicinsk r\u00e5dgivning, f\u00e5r du en faktura. L\u00e4karens assistent \u00e4r utbildad i att hantera ett antal klagom\u00e5l sj\u00e4lvst\u00e4ndigt. Hon g\u00f6r detta under ansvar av den n\u00e4rvarande l\u00e4karen. Den medicinska r\u00e5dgivningen fr\u00e5n en l\u00e4karassistent bed\u00f6ms alltid av en allm\u00e4nl\u00e4kare efter\u00e5t.","og_url":"https:\/\/hapmaastricht.nl\/sv\/vanliga-fr\u00e5gor\/jag-pratade-bara-med-lakarassistenten-och-far-fortfarande-en-rakning-vad-sags-om-det\/","og_site_name":"L\u00e4karens akutpost Maastricht","article_modified_time":"2025-07-10T07:56:37+00:00","twitter_card":"summary_large_image","twitter_misc":{"Ber\u00e4knad l\u00e4stid":"1 minut"},"schema":{"@context":"https:\/\/schema.org","@graph":[{"@type":"WebPage","@id":"https:\/\/hapmaastricht.nl\/sv\/vanliga-fr\u00e5gor\/jag-pratade-bara-med-lakarassistenten-och-far-fortfarande-en-rakning-vad-sags-om-det\/","url":"https:\/\/hapmaastricht.nl\/sv\/vanliga-fr\u00e5gor\/jag-pratade-bara-med-lakarassistenten-och-far-fortfarande-en-rakning-vad-sags-om-det\/","name":"Jag har bara pratat med l\u00e4karens assistent och f\u00e5r fortfarande en r\u00e4kning. Hur fungerar det? - L\u00e4karens akutpost Maastricht","isPartOf":{"@id":"https:\/\/hapmaastricht.nl\/sv\/#website"},"datePublished":"2023-05-02T11:36:34+00:00","dateModified":"2025-07-10T07:56:37+00:00","breadcrumb":{"@id":"https:\/\/hapmaastricht.nl\/sv\/vanliga-fr\u00e5gor\/jag-pratade-bara-med-lakarassistenten-och-far-fortfarande-en-rakning-vad-sags-om-det\/#breadcrumb"},"inLanguage":"sv-SE","potentialAction":[{"@type":"ReadAction","target":["https:\/\/hapmaastricht.nl\/sv\/vanliga-fr\u00e5gor\/jag-pratade-bara-med-lakarassistenten-och-far-fortfarande-en-rakning-vad-sags-om-det\/"]}]},{"@type":"BreadcrumbList","@id":"https:\/\/hapmaastricht.nl\/sv\/vanliga-fr\u00e5gor\/jag-pratade-bara-med-lakarassistenten-och-far-fortfarande-en-rakning-vad-sags-om-det\/#breadcrumb","itemListElement":[{"@type":"ListItem","position":1,"name":"Home","item":"https:\/\/hapmaastricht.nl\/sv\/"},{"@type":"ListItem","position":2,"name":"FAQs","item":"https:\/\/hapmaastricht.nl\/sv\/vanliga-fr\u00e5gor\/"},{"@type":"ListItem","position":3,"name":"Jag pratade bara med l\u00e4karassistenten och f\u00e5r fortfarande en faktura. Vad s\u00e4gs om det?"}]},{"@type":"WebSite","@id":"https:\/\/hapmaastricht.nl\/sv\/#website","url":"https:\/\/hapmaastricht.nl\/sv\/","name":"L\u00e4karens akutpost Maastricht","description":"","potentialAction":[{"@type":"SearchAction","target":{"@type":"EntryPoint","urlTemplate":"https:\/\/hapmaastricht.nl\/sv\/?s={search_term_string}"},"query-input":{"@type":"PropertyValueSpecification","valueRequired":true,"valueName":"search_term_string"}}],"inLanguage":"sv-SE"}]}},"_links":{"self":[{"href":"https:\/\/hapmaastricht.nl\/sv\/wp-json\/wp\/v2\/faq\/2077","targetHints":{"allow":["GET"]}}],"collection":[{"href":"https:\/\/hapmaastricht.nl\/sv\/wp-json\/wp\/v2\/faq"}],"about":[{"href":"https:\/\/hapmaastricht.nl\/sv\/wp-json\/wp\/v2\/types\/faq"}],"version-history":[{"count":1,"href":"https:\/\/hapmaastricht.nl\/sv\/wp-json\/wp\/v2\/faq\/2077\/revisions"}],"predecessor-version":[{"id":9215,"href":"https:\/\/hapmaastricht.nl\/sv\/wp-json\/wp\/v2\/faq\/2077\/revisions\/9215"}],"wp:attachment":[{"href":"https:\/\/hapmaastricht.nl\/sv\/wp-json\/wp\/v2\/media?parent=2077"}],"wp:term":[{"taxonomy":"question_type","embeddable":true,"href":"https:\/\/hapmaastricht.nl\/sv\/wp-json\/wp\/v2\/question_type?post=2077"}],"curies":[{"name":"wp","href":"https:\/\/api.w.org\/{rel}","templated":true}]}}