{"id":2110,"date":"2023-05-02T13:55:28","date_gmt":"2023-05-02T11:55:28","guid":{"rendered":"https:\/\/multisite.mindd.dev\/hap-maastricht\/?post_type=faq&#038;p=2110"},"modified":"2025-07-10T09:55:55","modified_gmt":"2025-07-10T07:55:55","slug":"doktor-yanip-sonen-isik-ve-siren-ile-ne-zaman-araba-kullanabilir","status":"publish","type":"faq","link":"https:\/\/hapmaastricht.nl\/tr\/SSS\/doktor-yanip-sonen-isik-ve-siren-ile-ne-zaman-araba-kullanabilir\/","title":{"rendered":"GP yan\u0131p s\u00f6nen \u0131\u015f\u0131klar ve sirenlerle ne zaman ara\u00e7 kullanabilir?"},"content":{"rendered":"\n<p>N\u00f6bet\u00e7i doktorun \u015fof\u00f6rleri, hayati tehlike arz eden bir durumda acil bir s\u00fcr\u00fc\u015f olmas\u0131 durumunda yan\u0131p s\u00f6nen \u0131\u015f\u0131klar ve siren kullanabilir. Bu, pratisyen hekimin m\u00fcmk\u00fcn olan en k\u0131sa s\u00fcrede bir hastayla birlikte olmas\u0131 gereken bir yolculuk anlam\u0131na gelir. Prensip olarak, t\u0131pk\u0131 ambulanslarda oldu\u011fu gibi 15 dakikal\u0131k bir s\u00fcre kullan\u0131l\u0131r.<\/p>\n","protected":false},"excerpt":{"rendered":"<p>G\u00f6revli doktorun s\u00fcr\u00fcc\u00fcleri, ya\u015fam\u0131 tehdit eden bir durum durumunda acil bir yolculuk varsa yan\u0131p s\u00f6nen \u0131\u015f\u0131klar ve sirenler kullanabilir. Bu, doktorun bir hastaya m\u00fcmk\u00fcn olan en k\u0131sa s\u00fcrede ula\u015fmas\u0131 gereken bir yolculuk anlam\u0131na gelir. Prensip olarak, t\u0131pk\u0131 ambulanslarda oldu\u011fu gibi, 15 dakikal\u0131k bir s\u00fcre kullan\u0131l\u0131r.<\/p>\n","protected":false},"menu_order":277,"template":"","meta":{"_acf_changed":false,"_trash_the_other_posts":false,"editor_notices":[],"footnotes":""},"question_type":[46],"class_list":["post-2110","faq","type-faq","status-publish","hentry","question_type-pratisyen-hekimin-gorev-basinda-ziyareti"],"acf":[],"yoast_head":"<!-- This site is optimized with the Yoast SEO plugin v26.6 - https:\/\/yoast.com\/wordpress\/plugins\/seo\/ -->\n<title>GP yan\u0131p s\u00f6nen \u0131\u015f\u0131klar ve sirenlerle ne zaman ara\u00e7 kullanabilir? - GP Acil Durum Postas\u0131 Maastricht<\/title>\n<meta name=\"robots\" content=\"index, follow, max-snippet:-1, max-image-preview:large, max-video-preview:-1\" \/>\n<link rel=\"canonical\" href=\"https:\/\/hapmaastricht.nl\/tr\/SSS\/doktor-yanip-sonen-isaret-ve-siren-ile-araba-kullanabildiginde\/\" \/>\n<meta property=\"og:locale\" content=\"tr_TR\" \/>\n<meta property=\"og:type\" content=\"article\" \/>\n<meta property=\"og:title\" content=\"GP yan\u0131p s\u00f6nen \u0131\u015f\u0131klar ve sirenlerle ne zaman ara\u00e7 kullanabilir? - GP Acil Durum Postas\u0131 Maastricht\" \/>\n<meta property=\"og:description\" content=\"G\u00f6revli doktorun s\u00fcr\u00fcc\u00fcleri, ya\u015fam\u0131 tehdit eden bir durum durumunda acil bir yolculuk varsa yan\u0131p s\u00f6nen \u0131\u015f\u0131klar ve sirenler kullanabilir. Bu, doktorun bir hastaya m\u00fcmk\u00fcn olan en k\u0131sa s\u00fcrede ula\u015fmas\u0131 gereken bir yolculuk anlam\u0131na gelir. Prensip olarak, t\u0131pk\u0131 ambulanslarda oldu\u011fu gibi, 15 dakikal\u0131k bir s\u00fcre kullan\u0131l\u0131r.\" \/>\n<meta property=\"og:url\" content=\"https:\/\/hapmaastricht.nl\/tr\/SSS\/doktor-yanip-sonen-isaret-ve-siren-ile-araba-kullanabildiginde\/\" \/>\n<meta property=\"og:site_name\" content=\"GP Acil Durum Postas\u0131 Maastricht\" \/>\n<meta property=\"article:modified_time\" content=\"2025-07-10T07:55:55+00:00\" \/>\n<meta name=\"twitter:card\" content=\"summary_large_image\" \/>\n<meta name=\"twitter:label1\" content=\"Tahmini okuma s\u00fcresi\" \/>\n\t<meta name=\"twitter:data1\" content=\"1 dakika\" \/>\n<script type=\"application\/ld+json\" class=\"yoast-schema-graph\">{\"@context\":\"https:\/\/schema.org\",\"@graph\":[{\"@type\":\"WebPage\",\"@id\":\"https:\/\/hapmaastricht.nl\/tr\/SSS\/doktor-yanip-sonen-isaret-ve-siren-ile-araba-kullanabildiginde\/\",\"url\":\"https:\/\/hapmaastricht.nl\/tr\/SSS\/doktor-yanip-sonen-isaret-ve-siren-ile-araba-kullanabildiginde\/\",\"name\":\"GP yan\u0131p s\u00f6nen \u0131\u015f\u0131klar ve sirenlerle ne zaman ara\u00e7 kullanabilir? - GP Acil Durum Postas\u0131 Maastricht\",\"isPartOf\":{\"@id\":\"https:\/\/hapmaastricht.nl\/tr\/#website\"},\"datePublished\":\"2023-05-02T11:55:28+00:00\",\"dateModified\":\"2025-07-10T07:55:55+00:00\",\"breadcrumb\":{\"@id\":\"https:\/\/hapmaastricht.nl\/tr\/SSS\/doktor-yanip-sonen-isaret-ve-siren-ile-araba-kullanabildiginde\/#breadcrumb\"},\"inLanguage\":\"tr\",\"potentialAction\":[{\"@type\":\"ReadAction\",\"target\":[\"https:\/\/hapmaastricht.nl\/tr\/SSS\/doktor-yanip-sonen-isaret-ve-siren-ile-araba-kullanabildiginde\/\"]}]},{\"@type\":\"BreadcrumbList\",\"@id\":\"https:\/\/hapmaastricht.nl\/tr\/SSS\/doktor-yanip-sonen-isaret-ve-siren-ile-araba-kullanabildiginde\/#breadcrumb\",\"itemListElement\":[{\"@type\":\"ListItem\",\"position\":1,\"name\":\"Home\",\"item\":\"https:\/\/hapmaastricht.nl\/tr\/\"},{\"@type\":\"ListItem\",\"position\":2,\"name\":\"FAQs\",\"item\":\"https:\/\/hapmaastricht.nl\/tr\/SSS\/\"},{\"@type\":\"ListItem\",\"position\":3,\"name\":\"Doktor yan\u0131p s\u00f6nen bir \u0131\u015f\u0131k ve siren ile ne zaman s\u00fcrebilir?\"}]},{\"@type\":\"WebSite\",\"@id\":\"https:\/\/hapmaastricht.nl\/tr\/#website\",\"url\":\"https:\/\/hapmaastricht.nl\/tr\/\",\"name\":\"GP Acil Durum Postas\u0131 Maastricht\",\"description\":\"\",\"potentialAction\":[{\"@type\":\"SearchAction\",\"target\":{\"@type\":\"EntryPoint\",\"urlTemplate\":\"https:\/\/hapmaastricht.nl\/tr\/?s={search_term_string}\"},\"query-input\":{\"@type\":\"PropertyValueSpecification\",\"valueRequired\":true,\"valueName\":\"search_term_string\"}}],\"inLanguage\":\"tr\"}]}<\/script>\n<!-- \/ Yoast SEO plugin. -->","yoast_head_json":{"title":"GP yan\u0131p s\u00f6nen \u0131\u015f\u0131klar ve sirenlerle ne zaman ara\u00e7 kullanabilir? - GP Acil Durum Postas\u0131 Maastricht","robots":{"index":"index","follow":"follow","max-snippet":"max-snippet:-1","max-image-preview":"max-image-preview:large","max-video-preview":"max-video-preview:-1"},"canonical":"https:\/\/hapmaastricht.nl\/tr\/SSS\/doktor-yanip-sonen-isaret-ve-siren-ile-araba-kullanabildiginde\/","og_locale":"tr_TR","og_type":"article","og_title":"GP yan\u0131p s\u00f6nen \u0131\u015f\u0131klar ve sirenlerle ne zaman ara\u00e7 kullanabilir? - GP Acil Durum Postas\u0131 Maastricht","og_description":"G\u00f6revli doktorun s\u00fcr\u00fcc\u00fcleri, ya\u015fam\u0131 tehdit eden bir durum durumunda acil bir yolculuk varsa yan\u0131p s\u00f6nen \u0131\u015f\u0131klar ve sirenler kullanabilir. Bu, doktorun bir hastaya m\u00fcmk\u00fcn olan en k\u0131sa s\u00fcrede ula\u015fmas\u0131 gereken bir yolculuk anlam\u0131na gelir. Prensip olarak, t\u0131pk\u0131 ambulanslarda oldu\u011fu gibi, 15 dakikal\u0131k bir s\u00fcre kullan\u0131l\u0131r.","og_url":"https:\/\/hapmaastricht.nl\/tr\/SSS\/doktor-yanip-sonen-isaret-ve-siren-ile-araba-kullanabildiginde\/","og_site_name":"GP Acil Durum Postas\u0131 Maastricht","article_modified_time":"2025-07-10T07:55:55+00:00","twitter_card":"summary_large_image","twitter_misc":{"Tahmini okuma s\u00fcresi":"1 dakika"},"schema":{"@context":"https:\/\/schema.org","@graph":[{"@type":"WebPage","@id":"https:\/\/hapmaastricht.nl\/tr\/SSS\/doktor-yanip-sonen-isaret-ve-siren-ile-araba-kullanabildiginde\/","url":"https:\/\/hapmaastricht.nl\/tr\/SSS\/doktor-yanip-sonen-isaret-ve-siren-ile-araba-kullanabildiginde\/","name":"GP yan\u0131p s\u00f6nen \u0131\u015f\u0131klar ve sirenlerle ne zaman ara\u00e7 kullanabilir? - GP Acil Durum Postas\u0131 Maastricht","isPartOf":{"@id":"https:\/\/hapmaastricht.nl\/tr\/#website"},"datePublished":"2023-05-02T11:55:28+00:00","dateModified":"2025-07-10T07:55:55+00:00","breadcrumb":{"@id":"https:\/\/hapmaastricht.nl\/tr\/SSS\/doktor-yanip-sonen-isaret-ve-siren-ile-araba-kullanabildiginde\/#breadcrumb"},"inLanguage":"tr","potentialAction":[{"@type":"ReadAction","target":["https:\/\/hapmaastricht.nl\/tr\/SSS\/doktor-yanip-sonen-isaret-ve-siren-ile-araba-kullanabildiginde\/"]}]},{"@type":"BreadcrumbList","@id":"https:\/\/hapmaastricht.nl\/tr\/SSS\/doktor-yanip-sonen-isaret-ve-siren-ile-araba-kullanabildiginde\/#breadcrumb","itemListElement":[{"@type":"ListItem","position":1,"name":"Home","item":"https:\/\/hapmaastricht.nl\/tr\/"},{"@type":"ListItem","position":2,"name":"FAQs","item":"https:\/\/hapmaastricht.nl\/tr\/SSS\/"},{"@type":"ListItem","position":3,"name":"Doktor yan\u0131p s\u00f6nen bir \u0131\u015f\u0131k ve siren ile ne zaman s\u00fcrebilir?"}]},{"@type":"WebSite","@id":"https:\/\/hapmaastricht.nl\/tr\/#website","url":"https:\/\/hapmaastricht.nl\/tr\/","name":"GP Acil Durum Postas\u0131 Maastricht","description":"","potentialAction":[{"@type":"SearchAction","target":{"@type":"EntryPoint","urlTemplate":"https:\/\/hapmaastricht.nl\/tr\/?s={search_term_string}"},"query-input":{"@type":"PropertyValueSpecification","valueRequired":true,"valueName":"search_term_string"}}],"inLanguage":"tr"}]}},"_links":{"self":[{"href":"https:\/\/hapmaastricht.nl\/tr\/wp-json\/wp\/v2\/faq\/2110","targetHints":{"allow":["GET"]}}],"collection":[{"href":"https:\/\/hapmaastricht.nl\/tr\/wp-json\/wp\/v2\/faq"}],"about":[{"href":"https:\/\/hapmaastricht.nl\/tr\/wp-json\/wp\/v2\/types\/faq"}],"version-history":[{"count":1,"href":"https:\/\/hapmaastricht.nl\/tr\/wp-json\/wp\/v2\/faq\/2110\/revisions"}],"predecessor-version":[{"id":9205,"href":"https:\/\/hapmaastricht.nl\/tr\/wp-json\/wp\/v2\/faq\/2110\/revisions\/9205"}],"wp:attachment":[{"href":"https:\/\/hapmaastricht.nl\/tr\/wp-json\/wp\/v2\/media?parent=2110"}],"wp:term":[{"taxonomy":"question_type","embeddable":true,"href":"https:\/\/hapmaastricht.nl\/tr\/wp-json\/wp\/v2\/question_type?post=2110"}],"curies":[{"name":"wp","href":"https:\/\/api.w.org\/{rel}","templated":true}]}}